{"id":5073,"date":"2021-05-14T13:52:55","date_gmt":"2021-05-14T13:52:55","guid":{"rendered":"https:\/\/www.lounge8.ro\/fedezze-fel-a-varost\/"},"modified":"2021-05-24T14:26:42","modified_gmt":"2021-05-24T14:26:42","slug":"fedezze-fel-a-varost","status":"publish","type":"page","link":"https:\/\/www.lounge8.ro\/hu\/fedezze-fel-a-varost\/","title":{"rendered":"FEDEZZE FEL A V\u00c1ROST!"},"content":{"rendered":"<p>[vc_row row_content_width=&#8221;grid&#8221; css=&#8221;.vc_custom_1524036858054{padding-top: 115px !important;padding-bottom: 113px !important;}&#8221;][vc_column]<div class=\"qodef-section-title-holder  qodef-st-standard qodef-st-title-left  qodef-st-normal-space  \" >\n\t<div class=\"qodef-st-inner\">\n                    <span class=\"qodef-st-subtitle\" style=\"font-size: 23px;font-weight: 400\">\n                Fedezze fel a v\u00e1rost            <\/span>\n        \t\t\t\t\t<h1 class=\"qodef-st-title\" >\n\t\t\t\tFEDEZZE FEL<br \/> A V\u00c1ROST!\t\t\t<\/h1>\n\t\t\t\t\t<\/div>\n<\/div>[vc_column_text]Az id\u0151k folyam\u00e1n Nagyv\u00e1rad a kult\u00fara, gazdas\u00e1g \u00e9s t\u00e1rsas\u00e1gi \u00e9let k\u00f6zponti pontj\u00e1t jelentette, \u00e9s a t\u00f6rt\u00e9nelmi K\u00f6r\u00f6svid\u00e9k legfontosabb v\u00e1ros\u00e1nak tekintett\u00e9k. Ha a Lounge 8 komplexumot v\u00e1lasztja, leny\u0171g\u00f6z\u0151 panor\u00e1ma kil\u00e1t\u00e1sban lesz r\u00e9sze, mely a v\u00e1ros felfedez\u00e9s\u00e9re buzd\u00edtja.<\/p>\n<p>A Lounge 8 komplexumt\u00f3l 3,8 km-re tal\u00e1lhat\u00f3 <strong>Nagyv\u00e1radi V\u00e1r <\/strong>t\u00f6rt\u00e9nete 1092-ben kezd\u0151d\u00f6tt egy vad\u00e1szat k\u00f6zben. A legenda szerint Magyarorsz\u00e1g kir\u00e1lya, I. L\u00e1szl\u00f3, a K\u00f6r\u00f6s partj\u00e1n pihent le, \u00e9jszaka pedig \u00e1lm\u00e1ban k\u00e9t angyal jelent meg, akik arra k\u00e9rt\u00e9k, hogy azon a helyen kolostort \u00e9p\u00edttessen. Ezt a helyet V\u00e1radnak nevezte el, a kegyhely k\u00f6r\u00e9 pedig v\u00e1rat \u00e9p\u00edttetett, mely \u00e9vsz\u00e1zadokon \u00e1t a kereszt\u00e9nys\u00e9g v\u00e9delm\u00e9re szolg\u00e1lt. Az els\u0151 hiteles t\u00f6rt\u00e9nelmi eml\u00edt\u00e9s csak 1113-ban jelenik meg, amikor V\u00e1radot a zobori benc\u00e9s ap\u00e1ts\u00e1g oklevel\u00e9ben eml\u00edti.<\/p>\n<p>A renesz\u00e1nsz \u00e9s barokk \u00e9p\u00edt\u00e9szeti st\u00edlusban \u00e9p\u00fclt v\u00e1r, melyet a 12. \u00e9s 18. sz\u00e1zadban t\u00f6bb \u00e9p\u00edt\u00e9sz seg\u00edts\u00e9g\u00e9vel fejlesztettek tov\u00e1bb, 12 \u00e9p\u00fclettestb\u0151l \u00e9s 5 b\u00e1sty\u00e1b\u00f3l \u00e1ll (Aranyos b\u00e1stya, Bethlen b\u00e1stya, Csonka b\u00e1stya, Kir\u00e1lyfia b\u00e1stya, V\u00f6r\u00f6s b\u00e1stya), a legimpoz\u00e1nsabb eml\u00e9km\u0171vei a Fejedelmi Palota, a G\u00f3tikus Palota \u00e9s a R\u00f3mai-katolikus templom.<\/p>\n<p>Id\u0151vel a v\u00e1r az etnikai mozaik \u00e9letk\u00f6z\u00f6ss\u00e9g\u00e9nek f\u0151 helysz\u00edn\u00e9v\u00e9 v\u00e1lt, mely hozz\u00e1j\u00e1rult Nagyv\u00e1rad jelenkori etnikai \u00f6sszet\u00e9tel\u00e9hez: rom\u00e1nok, magyarok, osztr\u00e1kok, n\u00e9metek, szlov\u00e1kok, zsid\u00f3k, ukr\u00e1nok, t\u00f6r\u00f6k\u00f6k, stb.<\/p>\n<p>Egy hosszabb ideig tart\u00f3 ostrom ut\u00e1n V\u00e1radot az ottom\u00e1nok foglalt\u00e1k el 1660-ban, majd 1867-ben az Osztr\u00e1k-Magyar Monarchia r\u00e9sz\u00e9v\u00e9 v\u00e1lt, \u00e9s ez\u00e1ltal a f\u0151v\u00e1ros, Budapest ut\u00e1n a legfontosabb v\u00e1ros lett. Nagyv\u00e1rad csak 1919-t\u0151l r\u00e9sze Rom\u00e1ni\u00e1nak, t\u00f6rt\u00e9nelmi \u00f6sszef\u00fcgg\u00e9seinek k\u00f6sz\u00f6nhet\u0151en pedig v\u00e1ltozatos kult\u00far\u00e1t alak\u00edtott ki.<\/p>\n<p>A Nagyv\u00e1radi V\u00e1r ma m\u00e1r igazi turistal\u00e1tv\u00e1nyoss\u00e1g, hiszen legend\u00e1knak, r\u00e9g\u00e9szeti bizony\u00edt\u00e9koknak, eml\u00e9km\u0171veknek, valamint k\u00f6z\u00e9pkori bemutat\u00f3knak, szabadt\u00e9ri moziknak, v\u00e1s\u00e1roknak, k\u00e9zm\u0171ves m\u0171helyeknek \u00e9s street-food jelleg\u0171 fesztiv\u00e1loknak ad otthont.[\/vc_column_text][vc_empty_space height=&#8221;50px&#8221;][vc_images_carousel images=&#8221;4705,4704,4703&#8243; img_size=&#8221;full&#8221;][vc_column_text]A v\u00e1ros egy m\u00e1sik l\u00e1tv\u00e1nyoss\u00e1ga a <strong>Szent L\u00e1szl\u00f3 t\u00e9r <\/strong><em>(<\/em><em>Pia\u0163a Unirii)<\/em> vagy a k\u00f6zpont, ahogy a nagyv\u00e1radiak nevezik. A Lounge 8 Studios komplexumt\u00f3l 1,7 km-re (gyalog 10 percre) tal\u00e1lhat\u00f3 Szent L\u00e1szl\u00f3 t\u00e9r a v\u00e1ros kiindul\u00f3pontja (0 km); itt tal\u00e1lhat\u00f3k a v\u00e1ros legismertebb, ikonikus \u00e9p\u00fcletei, valamint sz\u00e1mos k\u00e1v\u00e9z\u00f3 \u00e9s \u00e9tterem. A V\u00e1rosh\u00e1za szomsz\u00e9ds\u00e1g\u00e1ban kellemes s\u00e9t\u00e1t tehetnek a <strong>K\u00f6r\u00f6s partj\u00e1n kialak\u00edtott<\/strong>, hangulatosan kivil\u00e1g\u00edtott \u00faj<strong> s\u00e9t\u00e1nyon.<\/strong><\/p>\n<p>Ha el\u00e9rkeztek a Szent L\u00e1szl\u00f3 t\u00e9rre, semmik\u00e9pp se hagyj\u00e1k ki a <strong>V\u00e1rosh\u00e1za Torny\u00e1nak<\/strong> megl\u00e1togat\u00e1s\u00e1t. B\u00e1r a legt\u00f6bb turista sz\u00e1m\u00e1ra igazi kih\u00edv\u00e1st jelent a sok l\u00e9pcs\u0151 megm\u00e1sz\u00e1sa, a cser\u00e9be kapott kil\u00e1t\u00e1s feledhetetlen \u00e9lm\u00e9nyt ny\u00fajt. Ugyanolyan leny\u0171g\u00f6z\u0151, de tal\u00e1n kicsivel teljesebb panor\u00e1ma kil\u00e1t\u00e1st ny\u00fajt a <strong>Gomba<\/strong> is, mely a fiatalok k\u00f6r\u00e9ben n\u00e9pszer\u0171 pihen\u0151- \u00e9s t\u00e1rsas\u00e1gi helyet jelent, f\u0151k\u00e9pp a ny\u00e1ri id\u0151szakban.<\/p>\n<p>Egy m\u00e1sik helysz\u00edn, ahol szint\u00e9n kikapcsol\u00f3dhatnak, a t\u00f6bb t\u00edz fafajt\u00e1nak \u00e9s cserj\u00e9nek otthont ad\u00f3 <strong>dendrol\u00f3giai parkok<\/strong> jelentik (Barokk Palota parkja, a V\u00e1radi V\u00e1r dendrol\u00f3giai parkja, az Egyetem parkja, Pet\u0151fi park).<\/p>\n<p>A napot a <strong>F\u0151utca<\/strong> l\u00e1togat\u00e1s\u00e1val z\u00e1rhatj\u00e1k, mely olyan s\u00e9t\u00e1l\u00f3utca, ahol a nagyv\u00e1radiak, de a turist\u00e1k is meg\u00e1llhatnak egy j\u00f3l meg\u00e9rdemelt pihen\u0151re, miut\u00e1n t\u00f6bb \u00f3r\u00e1n \u00e1t szelt\u00e9k a v\u00e1ros utc\u00e1it, megl\u00e1togatt\u00e1k a m\u00fazeumokat \u00e9s a v\u00e1rat. A szecesszi\u00f3s palot\u00e1kon k\u00edv\u00fcl a t\u00f6rt\u00e9nelmi \u00e9p\u00fcletek f\u00f6ldszintj\u00e9n kialak\u00edtott \u00a0\u00a0\u00a0\u00a0\u00a0sz\u00e1mos teraszt tal\u00e1lhatnak, ahol megihatnak egy j\u00f3 k\u00e1v\u00e9t, eb\u00e9delhetnek vagy vacsor\u00e1zhatnak. Az \u00e9jszakai \u00e9let sem kev\u00e9sb\u00e9 akt\u00edv. A v\u00e1ros t\u00f6rt\u00e9nelmi k\u00f6zpontja \u00e9ttermekben, teraszokban \u00e9s klubokban b\u0151velkedik, ahol szeretteikkel t\u00f6lthetik el a k\u00e9s\u0151 esti \u00f3r\u00e1kat.<br \/>\n[\/vc_column_text][vc_empty_space height=&#8221;65px&#8221;]<div class=\"qodef-section-title-holder  qodef-st-standard qodef-st-title-left  qodef-st-normal-space  \" >\n\t<div class=\"qodef-st-inner\">\n                    <span class=\"qodef-st-subtitle\" style=\"font-size: 23px;font-weight: 400\">\n                Discover the city            <\/span>\n        \t\t\t\t\t<h1 class=\"qodef-st-title\" >\n\t\t\t\tCULTURAL HERITAGE<br \/> SITES\t\t\t<\/h1>\n\t\t\t\t\t<\/div>\n<\/div>[vc_column_text]A t\u00f6rt\u00e9nelem \u00e9s a kult\u00fara szerelmeseinek a Lounge 8 Studios egy sor olyan l\u00e1tv\u00e1nyoss\u00e1got javasol, amelyeket nem hagyhatnak ki, ha Nagyv\u00e1radon j\u00e1rnak.<\/p>\n<p>2011-ben a v\u00e1radiak a <strong>Fekete Sas Palot\u00e1t<\/strong> v\u00e1lasztott\u00e1k meg a v\u00e1ros jelk\u00e9p\u00e9v\u00e9, mely egy 1907-ben, Komor Marcell \u00e9s Jakab Dezs\u0151 \u00e9p\u00edt\u00e9szek tervei alapj\u00e1n \u00e9p\u00fclt impoz\u00e1ns \u00e9p\u00fclet. A k\u00e9t \u00e9p\u00edt\u00e9sz egy h\u00edres mil\u00e1n\u00f3i gal\u00e9ria mint\u00e1j\u00e1ra k\u00e9sz\u00edtette el a palota terveit, mely az erd\u00e9lyi szecesszi\u00f3s st\u00edlus legreprezentat\u00edvabb eml\u00e9km\u0171ve. A palota az 1714 \u00f3ta \u00e1ll\u00f3 \u00e9s egy ideig a v\u00e1rosh\u00e1z\u00e1nak otthont ad\u00f3 Z\u00f6ldfa fogad\u00f3 hely\u00e9re \u00e9p\u00fclt.<\/p>\n<p>A palota Y form\u00e1ban \u00e9p\u00fclt, h\u00e1rom utc\u00e1ra ny\u00edlva, bej\u00e1ratai mindegyik\u00e9n\u00e9l egy-egy fekete sas domin\u00e1l. A Szent L\u00e1szl\u00f3 t\u00e9r fel\u0151li bej\u00e1rat l\u00e1tv\u00e1nyoss\u00e1ga a barokk \u00e9s rokok\u00f3 st\u00edlussal kevert szecesszi\u00f3s st\u00edlusban b\u0151ven d\u00edsz\u00edtett \u00d3ratorony, mely a 20. sz\u00e1zad kezdet\u00e9nek m\u0171v\u00e9szi kreativit\u00e1s\u00e1t \u00e9s gondolkod\u00e1sm\u00f3dj\u00e1t jelk\u00e9pezi.<\/p>\n<p>A palota legf\u0151bb l\u00e1tv\u00e1nyoss\u00e1ga a szecesszi\u00f3s \u00e9p\u00edt\u00e9szetben egyedi elemk\u00e9nt szerepel\u0151 \u00fcveggel fedett bels\u0151 folyos\u00f3, mely val\u00f3s\u00e1gos var\u00e1zslatot ny\u00fajt a festett \u00fcvegeken \u00e1tsz\u0171r\u0151d\u0151 f\u00e9nynek k\u00f6sz\u00f6nhet\u0151en.<\/p>\n<p>A v\u00e1radi \u00e9p\u00edt\u00e9szeti t\u00e1jban jelent\u0151s helyet foglal el a Boldogs\u00e1gos Sz\u0171z M\u00e1ria Mennybev\u00e9tele Sz\u00e9kesegyh\u00e1z vagy a <strong>Holdas templom<\/strong>, mely nev\u00e9t egy Eur\u00f3p\u00e1ban egyedi mechanizmusnak k\u00f6sz\u00f6nheti: a berendez\u00e9s egy 1 m\u00e9ter \u00e1tm\u00e9r\u0151j\u0171, feket\u00e9re \u00e9s arany sz\u00edn\u0171re festett hold alak\u00fa g\u00f6mb\u00f6t hoz mozg\u00e1sba. A Hold F\u00f6ld k\u00f6r\u00fcli mozg\u00e1s\u00e1hoz hasonl\u00f3 forg\u00e1s\u00e1val a g\u00f6mb a holdf\u00e1zisokat jelzi.<\/p>\n<p>Az eml\u00e9km\u0171 egy m\u00e1sik, szint\u00e9n egyedis\u00e9get k\u00f6lcs\u00f6nz\u0151 elemmel is b\u00fcszk\u00e9lkedik, mely nem m\u00e1s, mint Horea, az 1784-es Parasztfelkel\u00e9s egyik vezet\u0151j\u00e9nek arck\u00e9pe. \u00dagy tartj\u00e1k, hogy ez az egyetlen hiteles reprodukci\u00f3, az eredeti p\u00e9ld\u00e1ny a nagyv\u00e1radi Ortodox P\u00fcsp\u00f6ks\u00e9g M\u00fazeum\u00e1ban tal\u00e1lhat\u00f3.<\/p>\n<p>A <strong>Sion Neol\u00f3g Zsinag\u00f3ga<\/strong> Nagyv\u00e1rad t\u00f6rt\u00e9nelmi k\u00f6zpontj\u00e1nak elv\u00e1laszthatatlan r\u00e9sze, mely beker\u00fclt a T\u00f6rt\u00e9nelmi Eml\u00e9km\u0171vek Jegyz\u00e9k\u00e9be. 1878-ban a nagyv\u00e1radi reformer zsid\u00f3k \u00e9p\u00edtett\u00e9k k\u00f6zvetlen\u00fcl az ortodox zsid\u00f3 k\u00f6z\u00f6ss\u00e9gt\u0151l val\u00f3 lev\u00e1l\u00e1suk ut\u00e1n.[\/vc_column_text][vc_empty_space height=&#8221;50px&#8221;][vc_images_carousel images=&#8221;4705,4704,4703&#8243; img_size=&#8221;full&#8221;][vc_column_text]A R\u00f3mai-katolikus Sz\u00e9kesegyh\u00e1z a legnagyobb barokk \u00e9p\u00fclet Rom\u00e1ni\u00e1ban \u00e9s Eur\u00f3pa egyik legszebb bazilik\u00e1ja. V\u00e9d\u0151szentje Sz\u0171z M\u00e1ria. Az \u00e9p\u00fclet 1752-1780 k\u00f6z\u00f6tt \u00e9p\u00fclt Giovanni Battista Ricca olasz \u00e9p\u00edt\u00e9sz tervei alapj\u00e1n. Az idel\u00e1togat\u00f3k a templomban felfedezhetik Szent L\u00e1szl\u00f3 erekly\u00e9j\u00e9t \u00e9s a h\u00edres orgon\u00e1t, melyet M\u00e1ria Ter\u00e9zia osztr\u00e1k kir\u00e1lyn\u0151 adom\u00e1nyozott a sz\u00e9kesegyh\u00e1znak. Ez az impoz\u00e1ns l\u00e9tes\u00edtm\u00e9ny \u00e9vsz\u00e1zadokat \u00e9lt meg a Kanonok-sort alkot\u00f3 10 \u00e9p\u00fclettel egy\u00fctt, mely 57 \u00e1rk\u00e1dj\u00e1val a v\u00e9gtelens\u00e9g \u00e9rzet\u00e9t kelti.<\/p>\n<p>A Barokk palota \u00e9s a R\u00f3mai-katolikus P\u00fcsp\u00f6ki palota eg\u00e9sz\u00edti ki ezt a barokk \u00e9p\u00fcletegy\u00fcttest. A palota haz\u00e1nkban a barokk st\u00edlus egyik leggrandi\u00f3zusabb \u00e9p\u00fclete, mely 100 szob\u00e1val \u00e9s 365 ablakkal b\u00fcszk\u00e9lkedhet, egy-egy ablak az \u00e9v minden napj\u00e1ra.<\/p>\n<p>Szint\u00e9n Giovanni Battista Ricca olasz \u00e9p\u00edt\u00e9sz nev\u00e9hez f\u0171z\u0151dik, akinek hal\u00e1la ut\u00e1n az \u00e9p\u00fcletet Franz Anton Hillebrandt fejezte be.<\/p>\n<p>Az ifjabb Riman\u00f3czy K\u00e1lm\u00e1n \u00e9p\u00edt\u00e9sz tervei alapj\u00e1n \u00e9p\u00fclt <strong>Moskovits palota<\/strong> 1905-ben k\u00e9sz\u00fclt el, \u00e9s a szecesszi\u00f3s st\u00edlus egyik legszebb p\u00e9ld\u00e1nya, annak k\u00fcl\u00f6nb\u00f6z\u0151 kifejez\u00e9sm\u00f3djainak f\u00e9ny\u00e9ben. Elvar\u00e1zsolt erd\u0151k, stiliz\u00e1lt vir\u00e1gok, csipk\u00e9s korl\u00e1tok \u00e9s sz\u00e1mos \u00e9p\u00edt\u00e9szeti d\u00edsz\u00edt\u0151elem k\u00f6veti egym\u00e1st kanyarg\u00f3 vonalakban a palota homlokzat\u00e1n \u00e9s bels\u0151 falain, a k\u00e9nyelem kellemes \u00e9rzet\u00e9t keltve. Az egy \u00e9vsz\u00e1zaddal ezel\u0151tt \u00e9p\u00edtett \u00e9s nemr\u00e9g fel\u00faj\u00edtott Moskovits palota Nagyv\u00e1rad Art Nouveau \u00e9p\u00fcleteinek egyik legemblematikusabb darabja.<\/p>\n<p>A v\u00e1radi \u00e9p\u00edt\u00e9szet gy\u00f6ngyszemeinek egyike a b\u00e9csi elemekkel b\u00fcszk\u00e9lked\u0151 <strong>Darvas-La Roche h\u00e1z<\/strong>, az Art Nouveau st\u00edlus reprezentat\u00edv \u00e9p\u00fclete. A h\u00e1z szecesszi\u00f3s st\u00edlusban \u00e9p\u00fclt, egyszer\u0171s\u00edtett, geometriai form\u00e1kkal, k\u00fcl\u00f6n\u00f6s fontoss\u00e1got szentelve az \u00e9p\u00edt\u00e9szet \u00e9s a m\u0171v\u00e9szet t\u00f6rt\u00e9nelm\u00e9nek. A 20. sz\u00e1zad elej\u00e9n Darvas Imre zsid\u00f3 \u00fczletember \u00e9s sv\u00e1jci \u00fczlett\u00e1rsa, Alfred La Roche \u00e1ltal \u00e9p\u00edttetett h\u00e1zat a zsid\u00f3 Simon csal\u00e1dnak adt\u00e1k el, akiknek t\u00f6bb tagj\u00e1t is deport\u00e1lt\u00e1k \u00e9s meg\u00f6lt\u00e9k a Holokauszt idej\u00e9n. A Darvas-La Roche h\u00e1z v\u00e9dett \u00e9p\u00fclet, mely napjainkban m\u00e1r a szecesszi\u00f3s\/Art Nouveau st\u00edlus m\u00fazeumak\u00e9nt m\u0171k\u00f6dik.<\/p>\n<p>A <strong>Nagyv\u00e1radi \u00c1llami Sz\u00ednh\u00e1z<\/strong> a v\u00e1ros emblematikus \u00e9p\u00fclete, mely k\u00e9t nagy sz\u00ednh\u00e1zi int\u00e9zm\u00e9nynek ad otthont: a M\u00e1ria kir\u00e1lyn\u00e9 Sz\u00ednh\u00e1znak \u00e9s a Szigligeti Sz\u00ednh\u00e1znak. A sz\u00ednh\u00e1z 1899. j\u00falius 21. \u00e9s 1900. okt\u00f3ber 1. k\u00f6z\u00f6tt \u00e9p\u00fclt, az \u00e9p\u00edt\u00e9szeti tervek pedig ifjabb Riman\u00f3czy K\u00e1lm\u00e1n nev\u00e9hez kapcsol\u00f3dnak.<\/p>\n<p>A f\u0151bej\u00e1ratot a Kom\u00e9dia \u00e9s a Trag\u00e9dia istenn\u0151inek szobrai d\u00edsz\u00edtik, az \u00e9p\u00fclet belseje pedig a neoklasszikus st\u00edlus elemeit \u00f6tv\u00f6zik neorenesz\u00e1nsz \u00e9s neobarokk elemekkel. A sz\u00ednh\u00e1z bels\u0151 d\u00edsz\u00edt\u00e9s\u00e9nek st\u00edlusa rokok\u00f3.<\/p>\n<p>A <strong>K\u00f6r\u00f6svid\u00e9ki M\u00fazeum<\/strong> a Bihar Megyei Tan\u00e1cs igazgat\u00e1sa alatt \u00e1ll\u00f3 m\u00fazeum-komplexum, melyben olyan r\u00e9szlegek m\u0171k\u00f6dnek, mint az archeol\u00f3gia, t\u00f6rt\u00e9nelem, term\u00e9szettudom\u00e1nyok, n\u00e9prajz, m\u0171v\u00e9szet, eml\u00e9km\u00fazeumok, t\u00e1rsadalmi csoportok, kisebbs\u00e9gek t\u00f6rt\u00e9nelme, stb. Ugyanennek a m\u00fazeum-komplexumnak a hat\u00e1sk\u00f6r\u00e9be tartozik n\u00e9h\u00e1ny kultur\u00e1lis int\u00e9zm\u00e9ny is, mint a \u201eIosif Vulcan\u201d Eml\u00e9km\u00fazeum, az \u201eAdy Endre\u201d Eml\u00e9km\u00fazeum, az \u201eAurel Laz\u0103r\u201d Eml\u00e9km\u00fazeum, valamint a K\u00f6r\u00f6sr\u00e9vi Zichy-barlang. Fontos megjegyezni, hogy ez az int\u00e9zm\u00e9ny valamennyi r\u00e9szleg\u00e9n t\u00f6bb mint 450.000 ki\u00e1ll\u00edt\u00e1si t\u00e1rgynak ad otthont, ez\u00e1ltal Rom\u00e1ni\u00e1ban az 5. helyet foglalja el, a Kultur\u00e1lis Miniszt\u00e9rium \u00e1ltal v\u00e9gzett statisztikai felm\u00e9r\u00e9s szerint.<\/p>\n<p>A <strong>G\u00f6r\u00f6g-katolikus P\u00fcsp\u00f6ki palota<\/strong> igazi, eklektikus st\u00edlusban \u00e9p\u00fclt \u00e9p\u00edt\u00e9szeti \u00e9kszer, mely szint\u00e9n Riman\u00f3czy K\u00e1lm\u00e1n \u00e9p\u00edt\u00e9sz nev\u00e9hez f\u0171z\u0151dik. Az 1903-1905 k\u00f6z\u00f6tt \u00e9p\u00fclt palot\u00e1ban neo-biz\u00e1nci festm\u00e9nyek \u00e9s \u00fcvegfestm\u00e9nyek tal\u00e1lhat\u00f3k. A p\u00fcsp\u00f6ki palota a nagyv\u00e1radi \u00e9p\u00edt\u00e9szeti kincseket eg\u00e9sz\u00edti ki t\u00f6bb st\u00edlus eleg\u00e1ns \u00f6sszefon\u00f3d\u00e1s\u00e1val: rom\u00e1n, rokok\u00f3, barokk \u00e9s Art Nouveau.<\/p>\n<p>A m\u00e1r felsorolt impoz\u00e1ns \u00e9p\u00fcleteken k\u00edv\u00fcl Nagyv\u00e1rad minden utcasark\u00e1n egy-egy \u00fajabb l\u00e1tv\u00e1nyoss\u00e1g bukkan fel, mely a vil\u00e1g b\u00e1rmely t\u00e1j\u00e1r\u00f3l \u00e9rkez\u0151 turist\u00e1k figyelm\u00e9t k\u00f6nnyen felkelti.[\/vc_column_text][vc_empty_space height=&#8221;65px&#8221;]<div class=\"qodef-section-title-holder  qodef-st-standard qodef-st-title-left  qodef-st-normal-space  \" >\n\t<div class=\"qodef-st-inner\">\n                    <span class=\"qodef-st-subtitle\" style=\"font-size: 23px;font-weight: 400\">\n                Fedezze fel a v\u00e1rost<br \/>\n            <\/span>\n        \t\t\t\t\t<h1 class=\"qodef-st-title\" >\n\t\t\t\tSZABADID\u0150\t\t\t<\/h1>\n\t\t\t\t\t<\/div>\n<\/div>[vc_column_text]Ha m\u00e1r meg\u00e9rkezett a Lounge 8 Studios apartmanj\u00e1ba, \u00e9s nem tudja, hogyan t\u00f6lthetn\u00e9 el szabadidej\u00e9t Nagyv\u00e1radon, hol t\u00f6lthet el n\u00e9h\u00e1ny kellemes \u00f3r\u00e1t szeretteivel, \u00e9s hol lehet igaz\u00e1n j\u00f3kat enni, akkor \u00f6r\u00f6mmel tudatjuk, hogy sz\u00e1mtalan vari\u00e1ci\u00f3 k\u00f6z\u00fcl v\u00e1laszthat.<\/p>\n<p>A sz\u00e1ll\u00e1shelyt\u0151l 1,8 km-re tal\u00e1lhat\u00f3 <strong>Nagyv\u00e1radi \u00c1llatkert<\/strong> a legkedvez\u0151bb lak\u00f3helyet biztos\u00edtja az \u00e1llatok sz\u00e1m\u00e1ra, hiszen t\u00f6bb, mint 40 fafajt\u00e1b\u00f3l, cserj\u00e9kb\u0151l alkotott n\u00f6v\u00e9nyi s\u00e1tor alatt ter\u00fcl el, a helyi n\u00f6v\u00e9nyzet 20%-\u00e1t pedig a t\u00f6bbsz\u00e1z \u00e9ves f\u00e1k teszik ki. Az \u00e1llatok ezen mini univerzuma 1960-ban j\u00f6tt l\u00e9tre, amikor meg\u00e9rkeztek az els\u0151 fajok. M\u00e1ra a t\u00f6bb mint 140 fajb\u00f3l \u00e1ll\u00f3 650 h\u00e1zi- \u00e9s vad\u00e1llat p\u00e9ld\u00e1ny mellett az \u00e1llatkert l\u00e1togat\u00f3i megismerkedhetnek a hagyom\u00e1nyos gyerekkor vil\u00e1g\u00e1val is, egy val\u00f3s\u00e1gos nyugalom o\u00e1zissal, mely t\u00f6k\u00e9letes v\u00e1laszt\u00e1s a pihen\u00e9sre \u00e9s kikapcsol\u00f3d\u00e1sra.<\/p>\n<p>Eur\u00f3pa ezen r\u00e9sz\u00e9n tal\u00e1lhat\u00f3 legnagyobb \u00e9lm\u00e9nyf\u00fcrd\u0151, a <strong>Nymphaea Aquapark<\/strong> a Lounge 8 Studios-t\u00f3l 4,1 km t\u00e1vols\u00e1gra helyezkedik el. A 7 hekt\u00e1r ter\u00fcleten v\u00e9gig ny\u00fal\u00f3 \u00e9lm\u00e9nyf\u00fcrd\u0151 10 cs\u00faszda, 15 \u00fasz\u00f3- \u00e9s relax\u00e1ci\u00f3s medence, gyerekeknek kialak\u00edtott speci\u00e1lis j\u00e1tsz\u00f3t\u00e9r, szaun\u00e1k, massz\u00e1zsszalonok, t\u00f6r\u00f6kf\u00fcrd\u0151, sportp\u00e1ly\u00e1k \u00e9s \u00e9ttermek arzen\u00e1lj\u00e1t k\u00edn\u00e1lja.<\/p>\n<p>A Lounge 8 Studios-t\u00f3l 5 percre tal\u00e1lhat\u00f3, 2021-ben felavatott <strong>\u00faj T\u00f6bbfunkci\u00f3s Terem <\/strong><em>(Sala Polivalent<\/em><em>\u0103) <\/em>sport-, kultur\u00e1lis rendezv\u00e9nyeknek, koncerteknek, stb. ad otthont.[\/vc_column_text][vc_empty_space height=&#8221;50px&#8221;][vc_images_carousel images=&#8221;4705,4704,4703&#8243; img_size=&#8221;full&#8221;][vc_column_text]A v\u00e1s\u00e1rl\u00e1s szerelmesei sz\u00e1m\u00e1ra a legk\u00f6zelebbi <strong>bev\u00e1s\u00e1rl\u00f3 gal\u00e9ri\u00e1k <\/strong>5 perces s\u00e9t\u00e1ra tal\u00e1lhat\u00f3k, melyek \u00fagy a feln\u0151tteknek, mint a gyerekeknek is teljes \u00e9lm\u00e9nyt ny\u00fajtanak.<\/p>\n<p>A v\u00e1rost\u00f3l nem messze, a Lounge 8 Studios-t\u00f3l 15 perces aut\u00f3\u00fatra tal\u00e1lhat\u00f3 a <strong>F\u00e9lix-f\u00fcrd\u0151<\/strong>, mely Rom\u00e1nia legnagyobb, minden szezonban m\u0171k\u00f6d\u0151 f\u00fcrd\u0151helye. Az itteni term\u00e1lv\u00edz forr\u00e1sokat az 1200-as \u00e9vek elej\u00e9n fedezt\u00e9k fel, de csak a 18. sz\u00e1zadban hasznos\u00edtott\u00e1k Felix Helcher premontrei kanonoknak k\u00f6sz\u00f6nhet\u0151en. A F\u00e9lix-f\u00fcrd\u0151 az elismer\u00e9st is hamarosan elnyerte Arany\u00e9rem form\u00e1j\u00e1ban az 1896-os berlini Vil\u00e1gki\u00e1ll\u00edt\u00e1son, melyet term\u00e1lviz\u00e9nek min\u0151s\u00e9g\u00e9\u00e9rt vehetett \u00e1t. A f\u00fcrd\u0151 adotts\u00e1gai lehet\u0151v\u00e9 teszik a reuma, idegrendszeri, n\u0151gy\u00f3gy\u00e1szati betegs\u00e9gek kezel\u00e9s\u00e9t, az orvosi rendel\u0151k pedig olyan gy\u00f3gy\u00e1szati elj\u00e1r\u00e1sokat biztos\u00edtanak, mint p\u00e9ld\u00e1ul az elektroter\u00e1pia, hidroter\u00e1pia, aeroszol-ter\u00e1pia, massz\u00e1zs, paraffin pakol\u00e1s \u00e9s a gy\u00f3gyf\u00fcrd\u0151k jellegzetes egy\u00e9b kezel\u00e9sei.<\/p>\n<p>A tekn\u0151sb\u00e9k\u00e1k \u00e9s egzotikus halak \u00e1ltal belakott, tavir\u00f3zs\u00e1kkal \u00e9s l\u00f3tuszvir\u00e1gokkal bor\u00edtott tavakon, a term\u00e9szetv\u00e9delmi ter\u00fcleteken, a templomokon \u00e9s t\u00f6rt\u00e9nelmi l\u00e1tv\u00e1nyoss\u00e1gokon k\u00edv\u00fcl Rom\u00e1nia egyetlen 5 csillagos term\u00e1lvizes komplexum\u00e1nak, a Lotus Therm r\u00e9sz\u00e9t k\u00e9pez\u0151 Felixarium \u00e9lm\u00e9nyf\u00fcrd\u0151, vagy m\u00e1s term\u00e1lvizes strandok, \u00e9lm\u00e9nyparkok vagy \u00e9lm\u00e9nyf\u00fcrd\u0151k szolg\u00e1ltat\u00e1sait is \u00e9lvezhetik.<\/p>\n<p>Ha meg\u00e9heznek, a sz\u00e1ll\u00e1shelyt\u0151l 3-15 percre tal\u00e1lhat\u00f3 legk\u00f6zelebbi \u00e9s legaj\u00e1nlottabb \u00e9ttermek egyik\u00e9ben k\u00f6lthetnek el egy kellemes \u00e9tkez\u00e9st: Pia\u0163a 9, Steak HUB, Corsarul, Rivo Restaurant &amp; Lounge, Allegria \u00e9tterem, Via29, Due Fratelli pizz\u00e1z\u00f3, Graf \u00e9tterem \u00e9s pizz\u00e1z\u00f3, To Chefs \u00e9tterem, vagy ak\u00e1r gyors\u00e9ttermi \u00e9telek mellett is d\u00f6nthet (KFC). A k\u00e1v\u00e9 szerelmesei sz\u00e1m\u00e1ra a Tucano Caffee vagy a Ristretto jelenti a legjobb v\u00e1laszt\u00e1st, a borim\u00e1d\u00f3k sz\u00e1m\u00e1ra pedig a ReWine k\u00edn\u00e1l k\u00fcl\u00f6nf\u00e9le borokat, de a kokt\u00e9lt kedvel\u0151kr\u0151l sem feledkezt\u00fcnk meg, hiszen p\u00e1r perces t\u00e1vols\u00e1gra \u00e1ll rendelkez\u00e9s\u00fckre a Rivo.<\/p>\n<p>Ha csup\u00e1n egy gyors bev\u00e1s\u00e1rl\u00e1sra v\u00e1gynak, kevesebb, mint 5 perces aut\u00f3\u00fatra meg\u00e1llhatnak a Kaufland, Auchan vagy Carrefour \u00fczletekben, de a k\u00f6zelben sz\u00e1mos \u00e9jjel-nappali bolt is rendelkez\u00e9sre \u00e1ll s\u00fcrg\u0151ss\u00e9g eset\u00e9n.[\/vc_column_text][vc_empty_space height=&#8221;65px&#8221;]<div class=\"qodef-section-title-holder  qodef-st-standard qodef-st-title-left  qodef-st-normal-space  \" >\n\t<div class=\"qodef-st-inner\">\n                    <span class=\"qodef-st-subtitle\" style=\"font-size: 23px;font-weight: 400\">\n                Fedezze fel a v\u00e1rost            <\/span>\n        \t\t\t\t\t<h1 class=\"qodef-st-title\" >\n\t\t\t\tK\u00d6ZLEKED\u00c9S\t\t\t<\/h1>\n\t\t\t\t\t<\/div>\n<\/div>[vc_column_text]A Lounge 8 Studios sz\u00e1lloda t\u00edpus\u00fa apartmanjai az Aradi \u00fat 4A sz\u00e1m alatt tal\u00e1lhat\u00f3 Luceaf\u0103rul negyedben helyezkednek el, a v\u00e1ros k\u00f6rgy\u0171r\u0171j\u00e9t\u0151l 3 percre. A legk\u00f6zelebbi rep\u00fcl\u0151t\u00e9r a <strong>Nagyv\u00e1radi Nemzetk\u00f6zi Rep\u00fcl\u0151t\u00e9r<\/strong>, mely 5 perces aut\u00f3\u00fatra tal\u00e1lhat\u00f3 (kb. 4,3 km-re). Alternat\u00edv megold\u00e1st jelenthet a magyarorsz\u00e1gi <strong>Debreceni Nemzetk\u00f6zi Rep\u00fcl\u0151t\u00e9r<\/strong>, mely a sz\u00e1ll\u00e1shelyt\u0151l 80 km-re tal\u00e1lhat\u00f3. A rep\u00fcl\u0151t\u00e9rre vagy a rep\u00fcl\u0151t\u00e9rr\u0151l t\u00f6rt\u00e9n\u0151 transzfer szolg\u00e1ltat\u00e1st fel\u00e1r\u00e9rt biztos\u00edthatjuk vend\u00e9geinknek.<\/p>\n<p><strong>A Nagyv\u00e1radi K\u00f6zponti P\u00e1lyaudvar<\/strong> 3,1 km-re tal\u00e1lhat\u00f3, az aut\u00f3buszok vagy kisbuszok pedig a sz\u00e1ll\u00e1shelyt\u0151l 4,8 km-re tal\u00e1lhat\u00f3 <strong>F\u0151 Aut\u00f3busz-p\u00e1lyaudvaron <\/strong>(Intrans) \u00e1llnak meg. \u00a0Barangol\u00e1saikhoz ak\u00e1r aut\u00f3t is b\u00e9relhetnek, taxit fogadhatnak vagy haszn\u00e1lhatj\u00e1k a t\u00f6megk\u00f6zleked\u00e9si eszk\u00f6z\u00f6ket (aut\u00f3busz, villamos).<\/p>\n<p>Megjegyz\u00e9s:<\/p>\n<p><u>http:\/\/www.otlra.ro\/reteatransport<\/u>[\/vc_column_text][\/vc_column][\/vc_row]<\/p>\n","protected":false},"excerpt":{"rendered":"<p>[vc_row row_content_width=&#8221;grid&#8221; css=&#8221;.vc_custom_1524036858054{padding-top: 115px !important;padding-bottom: 113px !important;}&#8221;][vc_column][vc_column_text]Az id\u0151k folyam\u00e1n Nagyv\u00e1rad a kult\u00fara, gazdas\u00e1g \u00e9s t\u00e1rsas\u00e1gi \u00e9let k\u00f6zponti pontj\u00e1t jelentette, \u00e9s a t\u00f6rt\u00e9nelmi K\u00f6r\u00f6svid\u00e9k legfontosabb v\u00e1ros\u00e1nak tekintett\u00e9k. Ha a Lounge 8 komplexumot v\u00e1lasztja, leny\u0171g\u00f6z\u0151 panor\u00e1ma kil\u00e1t\u00e1sban lesz r\u00e9sze, mely a v\u00e1ros felfedez\u00e9s\u00e9re buzd\u00edtja. A Lounge 8 [&hellip;]<\/p>\n","protected":false},"author":3,"featured_media":0,"parent":0,"menu_order":0,"comment_status":"closed","ping_status":"closed","template":"","meta":{"footnotes":""},"_links":{"self":[{"href":"https:\/\/www.lounge8.ro\/hu\/wp-json\/wp\/v2\/pages\/5073"}],"collection":[{"href":"https:\/\/www.lounge8.ro\/hu\/wp-json\/wp\/v2\/pages"}],"about":[{"href":"https:\/\/www.lounge8.ro\/hu\/wp-json\/wp\/v2\/types\/page"}],"author":[{"embeddable":true,"href":"https:\/\/www.lounge8.ro\/hu\/wp-json\/wp\/v2\/users\/3"}],"replies":[{"embeddable":true,"href":"https:\/\/www.lounge8.ro\/hu\/wp-json\/wp\/v2\/comments?post=5073"}],"version-history":[{"count":6,"href":"https:\/\/www.lounge8.ro\/hu\/wp-json\/wp\/v2\/pages\/5073\/revisions"}],"predecessor-version":[{"id":5140,"href":"https:\/\/www.lounge8.ro\/hu\/wp-json\/wp\/v2\/pages\/5073\/revisions\/5140"}],"wp:attachment":[{"href":"https:\/\/www.lounge8.ro\/hu\/wp-json\/wp\/v2\/media?parent=5073"}],"curies":[{"name":"wp","href":"https:\/\/api.w.org\/{rel}","templated":true}]}}